{"id":8496,"date":"2021-03-04T12:23:34","date_gmt":"2021-03-04T17:23:34","guid":{"rendered":"http:\/\/www.oacas.org\/ce-que-nous-faisons\/communications-et-engagement-du-public\/vraimentdevoues\/"},"modified":"2021-06-01T11:46:26","modified_gmt":"2021-06-01T15:46:26","slug":"jaieumadose","status":"publish","type":"page","link":"https:\/\/www.oacas.org\/fr\/publications-et-campagnes\/jaieumadose\/","title":{"rendered":"J&rsquo;ai eu ma dose"},"content":{"rendered":"\t\t<div data-elementor-type=\"wp-page\" data-elementor-id=\"8496\" class=\"elementor elementor-8496 elementor-8495\">\n\t\t\t\t\t\t<section class=\"elementor-section elementor-top-section elementor-element elementor-element-793e388 elementor-section-full_width elementor-section-stretched elementor-section-height-default elementor-section-height-default\" data-id=\"793e388\" data-element_type=\"section\" data-e-type=\"section\" data-settings=\"{&quot;background_background&quot;:&quot;classic&quot;,&quot;stretch_section&quot;:&quot;section-stretched&quot;}\">\n\t\t\t\t\t\t<div class=\"elementor-container elementor-column-gap-default\">\n\t\t\t\t\t<div class=\"elementor-column elementor-col-100 elementor-top-column elementor-element elementor-element-8b92b09\" data-id=\"8b92b09\" data-element_type=\"column\" data-e-type=\"column\">\n\t\t\t<div class=\"elementor-widget-wrap elementor-element-populated\">\n\t\t\t\t\t\t<div class=\"elementor-element elementor-element-44b2800 elementor-widget elementor-widget-image\" data-id=\"44b2800\" data-element_type=\"widget\" data-e-type=\"widget\" data-widget_type=\"image.default\">\n\t\t\t\t<div class=\"elementor-widget-container\">\n\t\t\t\t\t\t\t\t\t\t\t\t\t\t\t<img fetchpriority=\"high\" decoding=\"async\" width=\"908\" height=\"418\" src=\"https:\/\/www.oacas.org\/wp-content\/uploads\/2021\/03\/esc-wordmark-FR.png\" class=\"attachment-large size-large wp-image-8679\" alt=\"\" srcset=\"https:\/\/www.oacas.org\/wp-content\/uploads\/2021\/03\/esc-wordmark-FR.png 908w, https:\/\/www.oacas.org\/wp-content\/uploads\/2021\/03\/esc-wordmark-FR-768x354.png 768w\" sizes=\"(max-width: 908px) 100vw, 908px\" \/>\t\t\t\t\t\t\t\t\t\t\t\t\t\t\t<\/div>\n\t\t\t\t<\/div>\n\t\t\t\t\t<\/div>\n\t\t<\/div>\n\t\t\t\t\t<\/div>\n\t\t<\/section>\n\t\t\t\t<section class=\"elementor-section elementor-top-section elementor-element elementor-element-df69676 elementor-section-stretched elementor-section-boxed elementor-section-height-default elementor-section-height-default\" data-id=\"df69676\" data-element_type=\"section\" data-e-type=\"section\" data-settings=\"{&quot;background_background&quot;:&quot;classic&quot;,&quot;stretch_section&quot;:&quot;section-stretched&quot;}\">\n\t\t\t\t\t\t<div class=\"elementor-container elementor-column-gap-default\">\n\t\t\t\t\t<div class=\"elementor-column elementor-col-50 elementor-top-column elementor-element elementor-element-9bcee36\" data-id=\"9bcee36\" data-element_type=\"column\" data-e-type=\"column\">\n\t\t\t<div class=\"elementor-widget-wrap elementor-element-populated\">\n\t\t\t\t\t\t<div class=\"elementor-element elementor-element-4d184d6 elementor-widget elementor-widget-text-editor\" data-id=\"4d184d6\" data-element_type=\"widget\" data-e-type=\"widget\" data-widget_type=\"text-editor.default\">\n\t\t\t\t<div class=\"elementor-widget-container\">\n\t\t\t\t\t\t\t\t\t<h6>C&rsquo;est maintenant \u00e0 vous de prot\u00e9ger davantage les enfants, les jeunes et les familles vuln\u00e9rables pendant la pand\u00e9mie !<\/h6><p>La campagne \u00ab J\u2019ai eu ma dose ! \u00bb vise \u00e0 fournir \u00e0 la population ontarienne du secteur de la protection de l&rsquo;enfance la bonne information avant d\u2019\u00eatre vaccin\u00e9e. Nous savons que vous avez des questions et nous sommes l\u00e0 pour vous donner des r\u00e9ponses et des ressources cr\u00e9dibles et fiables qui vous aideront \u00e0 faire un choix \u00e9clair\u00e9 concernant la vaccination contre la COVID-19.<\/p><p><strong>N&rsquo;oubliez pas que chaque dose compte et que les personnes que nous servons en sont davantage prot\u00e9g\u00e9es.<\/strong><\/p>\t\t\t\t\t\t\t\t<\/div>\n\t\t\t\t<\/div>\n\t\t\t\t\t<\/div>\n\t\t<\/div>\n\t\t\t\t<div class=\"elementor-column elementor-col-50 elementor-top-column elementor-element elementor-element-d0cd886\" data-id=\"d0cd886\" data-element_type=\"column\" data-e-type=\"column\">\n\t\t\t<div class=\"elementor-widget-wrap elementor-element-populated\">\n\t\t\t\t\t\t<div class=\"elementor-element elementor-element-98f289d elementor-widget elementor-widget-video\" data-id=\"98f289d\" data-element_type=\"widget\" data-e-type=\"widget\" data-settings=\"{&quot;youtube_url&quot;:&quot;https:\\\/\\\/youtu.be\\\/43c-a2I9sZE&quot;,&quot;video_type&quot;:&quot;youtube&quot;,&quot;controls&quot;:&quot;yes&quot;}\" data-widget_type=\"video.default\">\n\t\t\t\t<div class=\"elementor-widget-container\">\n\t\t\t\t\t\t\t<div class=\"elementor-wrapper elementor-open-inline\">\n\t\t\t<div class=\"elementor-video\"><\/div>\t\t<\/div>\n\t\t\t\t\t\t<\/div>\n\t\t\t\t<\/div>\n\t\t\t\t\t<\/div>\n\t\t<\/div>\n\t\t\t\t\t<\/div>\n\t\t<\/section>\n\t\t\t\t<section class=\"elementor-section elementor-top-section elementor-element elementor-element-c538014 elementor-section-stretched elementor-section-boxed elementor-section-height-default elementor-section-height-default\" data-id=\"c538014\" data-element_type=\"section\" data-e-type=\"section\" data-settings=\"{&quot;background_background&quot;:&quot;classic&quot;,&quot;stretch_section&quot;:&quot;section-stretched&quot;}\">\n\t\t\t\t\t\t<div class=\"elementor-container elementor-column-gap-default\">\n\t\t\t\t\t<div class=\"elementor-column elementor-col-33 elementor-top-column elementor-element elementor-element-0067129\" data-id=\"0067129\" data-element_type=\"column\" data-e-type=\"column\">\n\t\t\t<div class=\"elementor-widget-wrap elementor-element-populated\">\n\t\t\t\t\t\t<div class=\"elementor-element elementor-element-9b7f331 elementor-widget elementor-widget-text-editor\" data-id=\"9b7f331\" data-element_type=\"widget\" data-e-type=\"widget\" data-widget_type=\"text-editor.default\">\n\t\t\t\t<div class=\"elementor-widget-container\">\n\t\t\t\t\t\t\t\t\t<h2>Ressources pour la vaccination des jeunes<\/h2>\t\t\t\t\t\t\t\t<\/div>\n\t\t\t\t<\/div>\n\t\t\t\t\t<\/div>\n\t\t<\/div>\n\t\t\t\t<div class=\"elementor-column elementor-col-33 elementor-top-column elementor-element elementor-element-482ca89\" data-id=\"482ca89\" data-element_type=\"column\" data-e-type=\"column\">\n\t\t\t<div class=\"elementor-widget-wrap elementor-element-populated\">\n\t\t\t\t\t\t<div class=\"elementor-element elementor-element-d7f7233 elementor-widget__width-initial elementor-widget elementor-widget-image\" data-id=\"d7f7233\" data-element_type=\"widget\" data-e-type=\"widget\" data-widget_type=\"image.default\">\n\t\t\t\t<div class=\"elementor-widget-container\">\n\t\t\t\t\t\t\t\t\t\t\t\t<figure class=\"wp-caption\">\n\t\t\t\t\t\t\t\t\t\t\t<a href=\"http:\/\/www.oacas.org\/wp-content\/uploads\/2021\/06\/Youth-FAQ-May142021-fr.pdf\">\n\t\t\t\t\t\t\t<img decoding=\"async\" width=\"500\" height=\"648\" src=\"https:\/\/www.oacas.org\/wp-content\/uploads\/2021\/06\/vax-youth-fr.jpg\" class=\"attachment-large size-large wp-image-9081\" alt=\"\" \/>\t\t\t\t\t\t\t\t<\/a>\n\t\t\t\t\t\t\t\t\t\t\t<figcaption class=\"widget-image-caption wp-caption-text\">FaitsVac : Apprenez-en sur les vaccins contre la COVID-19<\/figcaption>\n\t\t\t\t\t\t\t\t\t\t<\/figure>\n\t\t\t\t\t\t\t\t\t<\/div>\n\t\t\t\t<\/div>\n\t\t\t\t\t<\/div>\n\t\t<\/div>\n\t\t\t\t<div class=\"elementor-column elementor-col-33 elementor-top-column elementor-element elementor-element-2b1d877\" data-id=\"2b1d877\" data-element_type=\"column\" data-e-type=\"column\">\n\t\t\t<div class=\"elementor-widget-wrap elementor-element-populated\">\n\t\t\t\t\t\t<div class=\"elementor-element elementor-element-f4ca9f5 elementor-widget__width-initial elementor-widget elementor-widget-image\" data-id=\"f4ca9f5\" data-element_type=\"widget\" data-e-type=\"widget\" data-widget_type=\"image.default\">\n\t\t\t\t<div class=\"elementor-widget-container\">\n\t\t\t\t\t\t\t\t\t\t\t\t<figure class=\"wp-caption\">\n\t\t\t\t\t\t\t\t\t\t\t<a href=\"http:\/\/www.oacas.org\/wp-content\/uploads\/2021\/06\/VaxChat-May142021-fr.pdf\">\n\t\t\t\t\t\t\t<img decoding=\"async\" width=\"500\" height=\"648\" src=\"https:\/\/www.oacas.org\/wp-content\/uploads\/2021\/06\/vax-info-fr.jpg\" class=\"attachment-large size-large wp-image-9079\" alt=\"\" \/>\t\t\t\t\t\t\t\t<\/a>\n\t\t\t\t\t\t\t\t\t\t\t<figcaption class=\"widget-image-caption wp-caption-text\">ChatVac : Appuyer les conversations avec les jeunes au sujet du vaccin contre la COVID-19<\/figcaption>\n\t\t\t\t\t\t\t\t\t\t<\/figure>\n\t\t\t\t\t\t\t\t\t<\/div>\n\t\t\t\t<\/div>\n\t\t\t\t\t<\/div>\n\t\t<\/div>\n\t\t\t\t\t<\/div>\n\t\t<\/section>\n\t\t\t\t<section class=\"elementor-section elementor-top-section elementor-element elementor-element-a038165 elementor-section-stretched elementor-section-boxed elementor-section-height-default elementor-section-height-default\" data-id=\"a038165\" data-element_type=\"section\" data-e-type=\"section\" data-settings=\"{&quot;background_background&quot;:&quot;classic&quot;,&quot;stretch_section&quot;:&quot;section-stretched&quot;}\">\n\t\t\t\t\t\t<div class=\"elementor-container elementor-column-gap-default\">\n\t\t\t\t\t<div class=\"elementor-column elementor-col-33 elementor-top-column elementor-element elementor-element-12f357b\" data-id=\"12f357b\" data-element_type=\"column\" data-e-type=\"column\">\n\t\t\t<div class=\"elementor-widget-wrap elementor-element-populated\">\n\t\t\t\t\t\t<div class=\"elementor-element elementor-element-08eb527 elementor-widget elementor-widget-text-editor\" data-id=\"08eb527\" data-element_type=\"widget\" data-e-type=\"widget\" data-widget_type=\"text-editor.default\">\n\t\t\t\t<div class=\"elementor-widget-container\">\n\t\t\t\t\t\t\t\t\t<h2 style=\"text-align: left;\">Joignez-vous \u00e0 la campagne !<\/h2><p>Joignez-vous pour sensibiliser le public au sujet du r\u00f4le important des vaccins contre la COVID-19 pour aider la communaut\u00e9 de la protection de l&rsquo;enfance \u00e0 assurer la s\u00e9curit\u00e9 des enfants, des jeunes et des familles vuln\u00e9rables.<\/p><p>T\u00e9l\u00e9chargez nos affiches ainsi que nos publications et messages dans les m\u00e9dias sociaux pour promouvoir la Campagne #JaiEuMaDose et encourager votre communaut\u00e9 \u00e0 se renseigner et \u00e0 se faire vacciner si elle le peut ! Chaque affiche et chaque publication fournit un message unique. Nous vous encourageons donc \u00e0 utiliser chacun d&rsquo;eux !<\/p><h6><strong>M\u00e9dias sociaux<\/strong><\/h6><ul><li>Messages sur les r\u00e9seaux sociaux : <a href=\"http:\/\/www.oacas.org\/wp-content\/uploads\/2021\/03\/every-shot-counts-social-messaging-FR.pdf\">T\u00e9l\u00e9charger<\/a><\/li><li>3 images Facebook : <a href=\"http:\/\/www.oacas.org\/wp-content\/uploads\/2021\/03\/Every-Shot-Counts-Facebook-FR.zip\">T\u00e9l\u00e9charger<\/a><\/li><li>3 images Instagram : <a href=\"http:\/\/www.oacas.org\/wp-content\/uploads\/2021\/03\/Every-Shot-Counts-IG-FR.zip\">T\u00e9l\u00e9charger<\/a><\/li><li>3 images Twitter : <a href=\"http:\/\/www.oacas.org\/wp-content\/uploads\/2021\/03\/Every-Shot-Counts-TW-FR.zip\">T\u00e9l\u00e9charger<\/a><\/li><\/ul>\t\t\t\t\t\t\t\t<\/div>\n\t\t\t\t<\/div>\n\t\t\t\t\t<\/div>\n\t\t<\/div>\n\t\t\t\t<div class=\"elementor-column elementor-col-66 elementor-top-column elementor-element elementor-element-2b7c428\" data-id=\"2b7c428\" data-element_type=\"column\" data-e-type=\"column\">\n\t\t\t<div class=\"elementor-widget-wrap elementor-element-populated\">\n\t\t\t\t\t\t<div class=\"elementor-element elementor-element-a8f98ab elementor-widget elementor-widget-heading\" data-id=\"a8f98ab\" data-element_type=\"widget\" data-e-type=\"widget\" data-widget_type=\"heading.default\">\n\t\t\t\t<div class=\"elementor-widget-container\">\n\t\t\t\t\t<h6 class=\"elementor-heading-title elementor-size-default\">T\u00e9l\u00e9chargez nos affiches<\/h6>\t\t\t\t<\/div>\n\t\t\t\t<\/div>\n\t\t\t\t<section class=\"elementor-section elementor-inner-section elementor-element elementor-element-80355ae elementor-section-boxed elementor-section-height-default elementor-section-height-default\" data-id=\"80355ae\" data-element_type=\"section\" data-e-type=\"section\">\n\t\t\t\t\t\t<div class=\"elementor-container elementor-column-gap-default\">\n\t\t\t\t\t<div class=\"elementor-column elementor-col-50 elementor-inner-column elementor-element elementor-element-2fb02b7\" data-id=\"2fb02b7\" data-element_type=\"column\" data-e-type=\"column\" data-settings=\"{&quot;background_background&quot;:&quot;classic&quot;}\">\n\t\t\t<div class=\"elementor-widget-wrap elementor-element-populated\">\n\t\t\t\t\t\t<div class=\"elementor-element elementor-element-bab2824 elementor-position-top elementor-widget elementor-widget-image-box\" data-id=\"bab2824\" data-element_type=\"widget\" data-e-type=\"widget\" data-widget_type=\"image-box.default\">\n\t\t\t\t<div class=\"elementor-widget-container\">\n\t\t\t\t\t<div class=\"elementor-image-box-wrapper\"><figure class=\"elementor-image-box-img\"><a href=\"http:\/\/www.oacas.org\/wp-content\/uploads\/2021\/03\/every-shot-counts-vaccine-poster-FR.pdf\" target=\"_blank\" tabindex=\"-1\"><img loading=\"lazy\" decoding=\"async\" width=\"400\" height=\"518\" src=\"https:\/\/www.oacas.org\/wp-content\/uploads\/2021\/03\/poster-1-vaccine-FR.jpg\" class=\"attachment-full size-full wp-image-8681\" alt=\"J&#039;ai eu ma dose Affiche 1\" \/><\/a><\/figure><\/div>\t\t\t\t<\/div>\n\t\t\t\t<\/div>\n\t\t\t\t\t<\/div>\n\t\t<\/div>\n\t\t\t\t<div class=\"elementor-column elementor-col-50 elementor-inner-column elementor-element elementor-element-da42619\" data-id=\"da42619\" data-element_type=\"column\" data-e-type=\"column\">\n\t\t\t<div class=\"elementor-widget-wrap elementor-element-populated\">\n\t\t\t\t\t\t<div class=\"elementor-element elementor-element-ae4e75d elementor-position-top elementor-widget elementor-widget-image-box\" data-id=\"ae4e75d\" data-element_type=\"widget\" data-e-type=\"widget\" data-widget_type=\"image-box.default\">\n\t\t\t\t<div class=\"elementor-widget-container\">\n\t\t\t\t\t<div class=\"elementor-image-box-wrapper\"><figure class=\"elementor-image-box-img\"><a href=\"http:\/\/www.oacas.org\/wp-content\/uploads\/2021\/03\/every-shot-counts-beaker-poster-FR.pdf\" target=\"_blank\" tabindex=\"-1\"><img loading=\"lazy\" decoding=\"async\" width=\"400\" height=\"518\" src=\"https:\/\/www.oacas.org\/wp-content\/uploads\/2021\/03\/poster-2-beaker-FR.jpg\" class=\"attachment-full size-full wp-image-8683\" alt=\"J&#039;ai eu ma dose Affiche 2\" \/><\/a><\/figure><\/div>\t\t\t\t<\/div>\n\t\t\t\t<\/div>\n\t\t\t\t\t<\/div>\n\t\t<\/div>\n\t\t\t\t\t<\/div>\n\t\t<\/section>\n\t\t\t\t<div class=\"elementor-element elementor-element-d090a43 elementor-position-top elementor-widget elementor-widget-image-box\" data-id=\"d090a43\" data-element_type=\"widget\" data-e-type=\"widget\" data-widget_type=\"image-box.default\">\n\t\t\t\t<div class=\"elementor-widget-container\">\n\t\t\t\t\t<div class=\"elementor-image-box-wrapper\"><figure class=\"elementor-image-box-img\"><a href=\"http:\/\/www.oacas.org\/wp-content\/uploads\/2021\/03\/every-shot-counts-bandaid-poster-FR.pdf\" target=\"_blank\" tabindex=\"-1\"><img loading=\"lazy\" decoding=\"async\" width=\"400\" height=\"518\" src=\"https:\/\/www.oacas.org\/wp-content\/uploads\/2021\/03\/poster-3-bandaid-FR.jpg\" class=\"attachment-full size-full wp-image-8685\" alt=\"J&#039;ai eu ma dose Affiche 3\" \/><\/a><\/figure><\/div>\t\t\t\t<\/div>\n\t\t\t\t<\/div>\n\t\t\t\t\t<\/div>\n\t\t<\/div>\n\t\t\t\t\t<\/div>\n\t\t<\/section>\n\t\t\t\t<section class=\"elementor-section elementor-top-section elementor-element elementor-element-014edf1 elementor-section-stretched elementor-section-boxed elementor-section-height-default elementor-section-height-default\" data-id=\"014edf1\" data-element_type=\"section\" data-e-type=\"section\" data-settings=\"{&quot;background_background&quot;:&quot;classic&quot;,&quot;stretch_section&quot;:&quot;section-stretched&quot;}\">\n\t\t\t\t\t\t<div class=\"elementor-container elementor-column-gap-default\">\n\t\t\t\t\t<div class=\"elementor-column elementor-col-33 elementor-top-column elementor-element elementor-element-d28509e\" data-id=\"d28509e\" data-element_type=\"column\" data-e-type=\"column\">\n\t\t\t<div class=\"elementor-widget-wrap elementor-element-populated\">\n\t\t\t\t\t\t<div class=\"elementor-element elementor-element-1b909c9 elementor-widget elementor-widget-text-editor\" data-id=\"1b909c9\" data-element_type=\"widget\" data-e-type=\"widget\" data-widget_type=\"text-editor.default\">\n\t\t\t\t<div class=\"elementor-widget-container\">\n\t\t\t\t\t\t\t\t\t<h2 style=\"text-align: left;\">D\u00e9montrez que vous avez re\u00e7u votre dose !<\/h2><p>En vous faisant vacciner contre la COVID-19, vous d\u00e9montrez que vous avez \u00e0 c\u0153ur la protection de votre communaut\u00e9. Soyez fier de d\u00e9montrer que vous avez re\u00e7u votre dose avec ces m\u00e9dias sociaux et encouragez les autres \u00e0 vous faire comme vous !<\/p><ul><li>Image Facebook et photo de profil : <a href=\"http:\/\/www.oacas.org\/wp-content\/uploads\/2021\/03\/Every-Shot-Counts-Facebook-Post-FR.zip\">T\u00e9l\u00e9charger<\/a><\/li><li>Image Instagram et photo de profil : <a href=\"http:\/\/www.oacas.org\/wp-content\/uploads\/2021\/03\/Every-Shot-Counts-IG-Post-FR.zip.zip\">T\u00e9l\u00e9charger<\/a><\/li><li>Image Twitter et photo de profil : <a href=\"http:\/\/www.oacas.org\/wp-content\/uploads\/2021\/03\/Every-Shot-Counts-TW-FR.zip\">T\u00e9l\u00e9charger<\/a><\/li><\/ul>\t\t\t\t\t\t\t\t<\/div>\n\t\t\t\t<\/div>\n\t\t\t\t\t<\/div>\n\t\t<\/div>\n\t\t\t\t<div class=\"elementor-column elementor-col-33 elementor-top-column elementor-element elementor-element-4ffc8d6\" data-id=\"4ffc8d6\" data-element_type=\"column\" data-e-type=\"column\">\n\t\t\t<div class=\"elementor-widget-wrap elementor-element-populated\">\n\t\t\t\t\t\t<div class=\"elementor-element elementor-element-ff84c92 elementor-widget elementor-widget-image\" data-id=\"ff84c92\" data-element_type=\"widget\" data-e-type=\"widget\" data-widget_type=\"image.default\">\n\t\t\t\t<div class=\"elementor-widget-container\">\n\t\t\t\t\t\t\t\t\t\t\t\t\t\t\t<img loading=\"lazy\" decoding=\"async\" width=\"400\" height=\"400\" src=\"https:\/\/www.oacas.org\/wp-content\/uploads\/2021\/03\/esc-post-vaccine-small-FR.png\" class=\"attachment-large size-large wp-image-8713\" alt=\"Every Shot Couns Post-Vaccine Image French\" \/>\t\t\t\t\t\t\t\t\t\t\t\t\t\t\t<\/div>\n\t\t\t\t<\/div>\n\t\t\t\t\t<\/div>\n\t\t<\/div>\n\t\t\t\t<div class=\"elementor-column elementor-col-33 elementor-top-column elementor-element elementor-element-35144d2\" data-id=\"35144d2\" data-element_type=\"column\" data-e-type=\"column\">\n\t\t\t<div class=\"elementor-widget-wrap elementor-element-populated\">\n\t\t\t\t\t\t<div class=\"elementor-element elementor-element-e7fb209 elementor-widget elementor-widget-html\" data-id=\"e7fb209\" data-element_type=\"widget\" data-e-type=\"widget\" data-widget_type=\"html.default\">\n\t\t\t\t<div class=\"elementor-widget-container\">\n\t\t\t\t\t<h6 style=\"font-family: Raleway, Roboto, sans-serif; font-weight:800;\">Suivez la conversation<\/h6>\n<div style=\"border: 1px solid transparent; overflow: auto; width: auto; height: auto; display: inline-block;\"><a class=\"twitter-timeline\" href=\"https:\/\/twitter.com\/our_children\" data-widget-id=\"690225793314787329\">@our_children<\/a>\n<script>!function(d,s,id){var js,fjs=d.getElementsByTagName(s)[0],p=\/^http:\/.test(d.location)?'http':'https';if(!d.getElementById(id)){js=d.createElement(s);js.id=id;js.src=p+\":\/\/platform.twitter.com\/widgets.js\";fjs.parentNode.insertBefore(js,fjs);}}(document,\"script\",\"twitter-wjs\");<\/script><\/div>\t\t\t\t<\/div>\n\t\t\t\t<\/div>\n\t\t\t\t\t<\/div>\n\t\t<\/div>\n\t\t\t\t\t<\/div>\n\t\t<\/section>\n\t\t\t\t<section class=\"elementor-section elementor-top-section elementor-element elementor-element-776ccf3 elementor-section-stretched elementor-section-boxed elementor-section-height-default elementor-section-height-default\" data-id=\"776ccf3\" data-element_type=\"section\" data-e-type=\"section\" data-settings=\"{&quot;background_background&quot;:&quot;classic&quot;,&quot;stretch_section&quot;:&quot;section-stretched&quot;}\">\n\t\t\t\t\t\t<div class=\"elementor-container elementor-column-gap-default\">\n\t\t\t\t\t<div class=\"elementor-column elementor-col-100 elementor-top-column elementor-element elementor-element-a3778a6\" data-id=\"a3778a6\" data-element_type=\"column\" data-e-type=\"column\">\n\t\t\t<div class=\"elementor-widget-wrap elementor-element-populated\">\n\t\t\t\t\t\t<div class=\"elementor-element elementor-element-11654ab elementor-widget elementor-widget-heading\" data-id=\"11654ab\" data-element_type=\"widget\" data-e-type=\"widget\" data-widget_type=\"heading.default\">\n\t\t\t\t<div class=\"elementor-widget-container\">\n\t\t\t\t\t<h2 class=\"elementor-heading-title elementor-size-default\">FAQ sur les vaccins<\/h2>\t\t\t\t<\/div>\n\t\t\t\t<\/div>\n\t\t\t\t<div class=\"elementor-element elementor-element-aedb875 elementor-widget elementor-widget-accordion\" data-id=\"aedb875\" data-element_type=\"widget\" data-e-type=\"widget\" data-widget_type=\"accordion.default\">\n\t\t\t\t<div class=\"elementor-widget-container\">\n\t\t\t\t\t\t\t<div class=\"elementor-accordion\">\n\t\t\t\t\t\t\t<div class=\"elementor-accordion-item\">\n\t\t\t\t\t<div id=\"elementor-tab-title-1831\" class=\"elementor-tab-title\" data-tab=\"1\" role=\"button\" aria-controls=\"elementor-tab-content-1831\" aria-expanded=\"false\">\n\t\t\t\t\t\t\t\t\t\t\t\t\t<span class=\"elementor-accordion-icon elementor-accordion-icon-left\" aria-hidden=\"true\">\n\t\t\t\t\t\t\t\t\t\t\t\t\t\t\t<span class=\"elementor-accordion-icon-closed\"><i class=\"fas fa-plus\"><\/i><\/span>\n\t\t\t\t\t\t\t\t<span class=\"elementor-accordion-icon-opened\"><i class=\"fas fa-minus\"><\/i><\/span>\n\t\t\t\t\t\t\t\t\t\t\t\t\t\t<\/span>\n\t\t\t\t\t\t\t\t\t\t\t\t<a class=\"elementor-accordion-title\" tabindex=\"0\">Suis-je oblig\u00e9 de me faire vacciner ?<\/a>\n\t\t\t\t\t<\/div>\n\t\t\t\t\t<div id=\"elementor-tab-content-1831\" class=\"elementor-tab-content elementor-clearfix\" data-tab=\"1\" role=\"region\" aria-labelledby=\"elementor-tab-title-1831\">Non. La vaccination n&rsquo;est pas obligatoire, mais tout le monde est fortement encourag\u00e9 \u00e0 se faire vacciner.<\/div>\n\t\t\t\t<\/div>\n\t\t\t\t\t\t\t<div class=\"elementor-accordion-item\">\n\t\t\t\t\t<div id=\"elementor-tab-title-1832\" class=\"elementor-tab-title\" data-tab=\"2\" role=\"button\" aria-controls=\"elementor-tab-content-1832\" aria-expanded=\"false\">\n\t\t\t\t\t\t\t\t\t\t\t\t\t<span class=\"elementor-accordion-icon elementor-accordion-icon-left\" aria-hidden=\"true\">\n\t\t\t\t\t\t\t\t\t\t\t\t\t\t\t<span class=\"elementor-accordion-icon-closed\"><i class=\"fas fa-plus\"><\/i><\/span>\n\t\t\t\t\t\t\t\t<span class=\"elementor-accordion-icon-opened\"><i class=\"fas fa-minus\"><\/i><\/span>\n\t\t\t\t\t\t\t\t\t\t\t\t\t\t<\/span>\n\t\t\t\t\t\t\t\t\t\t\t\t<a class=\"elementor-accordion-title\" tabindex=\"0\">Quand vais-je recevoir mon vaccin ?<\/a>\n\t\t\t\t\t<\/div>\n\t\t\t\t\t<div id=\"elementor-tab-content-1832\" class=\"elementor-tab-content elementor-clearfix\" data-tab=\"2\" role=\"region\" aria-labelledby=\"elementor-tab-title-1832\"><p>Le personnel de protection de l&rsquo;enfance, incluant ceux qui travaillent dans les espaces r\u00e9sidentiels pour enfants, les familles d&rsquo;accueil, les membres de la parent\u00e9 (KIN) et les personnes qui offrent des soins conformes aux traditions font partie de la Phase 2 du Plan de vaccination provincial qui est divis\u00e9 en 3 \u00e9tapes et qui doit se d\u00e9rouler d&rsquo;avril \u00e0 juin 2021.<\/p><p>Le moment exact pour recevoir votre vaccin peut d\u00e9pendre de l&rsquo;endroit o\u00f9 vous habitez, de l&rsquo;approvisionnement en vaccins et du r\u00f4le que vous occupez. Vous pouvez en savoir plus sur la priorit\u00e9 de la Phase 2 <a href=\"https:\/\/covid-19.ontario.ca\/getting-covid-19-vaccine-ontario#phase-2\">ici<\/a>.<\/p><\/div>\n\t\t\t\t<\/div>\n\t\t\t\t\t\t\t<div class=\"elementor-accordion-item\">\n\t\t\t\t\t<div id=\"elementor-tab-title-1833\" class=\"elementor-tab-title\" data-tab=\"3\" role=\"button\" aria-controls=\"elementor-tab-content-1833\" aria-expanded=\"false\">\n\t\t\t\t\t\t\t\t\t\t\t\t\t<span class=\"elementor-accordion-icon elementor-accordion-icon-left\" aria-hidden=\"true\">\n\t\t\t\t\t\t\t\t\t\t\t\t\t\t\t<span class=\"elementor-accordion-icon-closed\"><i class=\"fas fa-plus\"><\/i><\/span>\n\t\t\t\t\t\t\t\t<span class=\"elementor-accordion-icon-opened\"><i class=\"fas fa-minus\"><\/i><\/span>\n\t\t\t\t\t\t\t\t\t\t\t\t\t\t<\/span>\n\t\t\t\t\t\t\t\t\t\t\t\t<a class=\"elementor-accordion-title\" tabindex=\"0\">Mon travail ne consiste pas en un contact face \u00e0 face avec les clients. Puis-je toujours recevoir mon vaccin lors de la Phase 2 ?<\/a>\n\t\t\t\t\t<\/div>\n\t\t\t\t\t<div id=\"elementor-tab-content-1833\" class=\"elementor-tab-content elementor-clearfix\" data-tab=\"3\" role=\"region\" aria-labelledby=\"elementor-tab-title-1833\"><p>Nous continuons \u00e0 pr\u00e9coniser que tous ceux qui travaillent directement avec un enfant ou avec un jeune qui re\u00e7oit des services de protection de l\u2019enfance, puissent recevoir le vaccin pendant la Phase 2. En adoptant une approche ax\u00e9e sur l&rsquo;enfant \/ le jeune, cela nous aidera \u00e0 :<\/p><ol><li>minimiser le risque d&rsquo;infection ;<\/li><li>donner la priorit\u00e9 aux plus vuln\u00e9rables ;<\/li><li>g\u00e9rer les crises de sant\u00e9 mentale en cours que vivent les enfants, les jeunes et les familles vuln\u00e9rables ; et<\/li><li>stabiliser la prestation de services aux enfants et aux familles de l\u2019Ontario.<\/li><\/ol><p>Malheureusement, ceci dit, on pourrait d\u00e9terminer qui se qualifie en premier, et ce, en fonction de facteurs tels que le r\u00f4le, l&rsquo;offre et la g\u00e9ographie (ex.\u00a0: dans la Phase 1, ils ont commenc\u00e9 \u00e0 vacciner les personnes dans les zones pr\u00e9sentant les taux d&rsquo;infection les plus \u00e9lev\u00e9s en premier), ce qui signifie que vous devrez peut-\u00eatre attendre.<\/p><p>Vous devrez peut-\u00eatre attendre si vous n\u2019\u00eates pas dans un r\u00f4le face \u00e0 face avec le client ou si vous pouvez travailler \u00e0 domicile. Mais la bonne nouvelle est que, bien que la Phase 3 devait commencer en juillet, les r\u00e9centes projections concernant l&rsquo;approvisionnement en vaccins permettront de possiblement devancer le d\u00e9but de cette phase au calendrier. Ainsi, nous pr\u00e9voyons que la Phase 3, lorsque les vaccins seront ouverts \u00e0 la population g\u00e9n\u00e9rale, se fera plus t\u00f4t. Vous n&rsquo;aurez donc pas \u00e0 attendre beaucoup plus longtemps !<\/p><\/div>\n\t\t\t\t<\/div>\n\t\t\t\t\t\t\t<div class=\"elementor-accordion-item\">\n\t\t\t\t\t<div id=\"elementor-tab-title-1834\" class=\"elementor-tab-title\" data-tab=\"4\" role=\"button\" aria-controls=\"elementor-tab-content-1834\" aria-expanded=\"false\">\n\t\t\t\t\t\t\t\t\t\t\t\t\t<span class=\"elementor-accordion-icon elementor-accordion-icon-left\" aria-hidden=\"true\">\n\t\t\t\t\t\t\t\t\t\t\t\t\t\t\t<span class=\"elementor-accordion-icon-closed\"><i class=\"fas fa-plus\"><\/i><\/span>\n\t\t\t\t\t\t\t\t<span class=\"elementor-accordion-icon-opened\"><i class=\"fas fa-minus\"><\/i><\/span>\n\t\t\t\t\t\t\t\t\t\t\t\t\t\t<\/span>\n\t\t\t\t\t\t\t\t\t\t\t\t<a class=\"elementor-accordion-title\" tabindex=\"0\">O\u00f9 dois-je me faire vacciner ?<\/a>\n\t\t\t\t\t<\/div>\n\t\t\t\t\t<div id=\"elementor-tab-content-1834\" class=\"elementor-tab-content elementor-clearfix\" data-tab=\"4\" role=\"region\" aria-labelledby=\"elementor-tab-title-1834\"><p>Cela varie selon la communaut\u00e9 et, pour \u00eatre honn\u00eate, cela change de jour en jour. Il est important de rester en contact avec votre agence ou votre bureau de sant\u00e9 publique local.<\/p><p>L&rsquo;objectif est d&rsquo;augmenter l&rsquo;accessibilit\u00e9 aux cliniques afin d\u2019offrir de nombreuses options diff\u00e9rentes dans les communaut\u00e9s, allant des bureaux aux ar\u00e9nas. De nombreux services de sant\u00e9 publique ont d\u00e9j\u00e0 lanc\u00e9 des sites de r\u00e9servation en ligne et pilotent des cliniques dans les pharmacies et les cabinets de m\u00e9decins.<\/p><\/div>\n\t\t\t\t<\/div>\n\t\t\t\t\t\t\t<div class=\"elementor-accordion-item\">\n\t\t\t\t\t<div id=\"elementor-tab-title-1835\" class=\"elementor-tab-title\" data-tab=\"5\" role=\"button\" aria-controls=\"elementor-tab-content-1835\" aria-expanded=\"false\">\n\t\t\t\t\t\t\t\t\t\t\t\t\t<span class=\"elementor-accordion-icon elementor-accordion-icon-left\" aria-hidden=\"true\">\n\t\t\t\t\t\t\t\t\t\t\t\t\t\t\t<span class=\"elementor-accordion-icon-closed\"><i class=\"fas fa-plus\"><\/i><\/span>\n\t\t\t\t\t\t\t\t<span class=\"elementor-accordion-icon-opened\"><i class=\"fas fa-minus\"><\/i><\/span>\n\t\t\t\t\t\t\t\t\t\t\t\t\t\t<\/span>\n\t\t\t\t\t\t\t\t\t\t\t\t<a class=\"elementor-accordion-title\" tabindex=\"0\">Aurais-je le choix du vaccin que je prends ?<\/a>\n\t\t\t\t\t<\/div>\n\t\t\t\t\t<div id=\"elementor-tab-content-1835\" class=\"elementor-tab-content elementor-clearfix\" data-tab=\"5\" role=\"region\" aria-labelledby=\"elementor-tab-title-1835\"><p>Possiblement que non. \u00c0 ce jour, les gens n&rsquo;ont pas eu le choix du vaccin \u00e0 recevoir. Le Canada a des contrats avec plusieurs fabricants de vaccins, dont cinq sont actuellement disponibles : Moderna, Pfizer, AstraZeneca, Covishield (d\u00e9velopp\u00e9 par AstraZeneca) et Johnson &amp; Johnson. Il est possible que d&rsquo;autres options soient approuv\u00e9es avant la fin de la campagne de vaccination, mais le bureau de sant\u00e9 publique obtiendra ce qui d\u00e9pendra des besoins de la communaut\u00e9 et de sa capacit\u00e9 \u00e0 pouvoir les entreposer et \u00e0 les administrer de mani\u00e8re appropri\u00e9e.<\/p><\/div>\n\t\t\t\t<\/div>\n\t\t\t\t\t\t\t<div class=\"elementor-accordion-item\">\n\t\t\t\t\t<div id=\"elementor-tab-title-1836\" class=\"elementor-tab-title\" data-tab=\"6\" role=\"button\" aria-controls=\"elementor-tab-content-1836\" aria-expanded=\"false\">\n\t\t\t\t\t\t\t\t\t\t\t\t\t<span class=\"elementor-accordion-icon elementor-accordion-icon-left\" aria-hidden=\"true\">\n\t\t\t\t\t\t\t\t\t\t\t\t\t\t\t<span class=\"elementor-accordion-icon-closed\"><i class=\"fas fa-plus\"><\/i><\/span>\n\t\t\t\t\t\t\t\t<span class=\"elementor-accordion-icon-opened\"><i class=\"fas fa-minus\"><\/i><\/span>\n\t\t\t\t\t\t\t\t\t\t\t\t\t\t<\/span>\n\t\t\t\t\t\t\t\t\t\t\t\t<a class=\"elementor-accordion-title\" tabindex=\"0\">Puis-je choisir de me faire vacciner en Phase 3 \u00e0 la place ?<\/a>\n\t\t\t\t\t<\/div>\n\t\t\t\t\t<div id=\"elementor-tab-content-1836\" class=\"elementor-tab-content elementor-clearfix\" data-tab=\"6\" role=\"region\" aria-labelledby=\"elementor-tab-title-1836\"><p>Nous ne sommes pas certains. La logistique de la Phase 3 n&rsquo;est pas encore connue. Pour cette raison, et conform\u00e9ment aux conseils de sant\u00e9 publique, notre recommandation est de se faire vacciner le plus t\u00f4t possible pour \u00e9viter les maladies et aider \u00e0 prot\u00e9ger le secteur et les populations vuln\u00e9rables que nous desservons.<\/p><\/div>\n\t\t\t\t<\/div>\n\t\t\t\t\t\t\t<div class=\"elementor-accordion-item\">\n\t\t\t\t\t<div id=\"elementor-tab-title-1837\" class=\"elementor-tab-title\" data-tab=\"7\" role=\"button\" aria-controls=\"elementor-tab-content-1837\" aria-expanded=\"false\">\n\t\t\t\t\t\t\t\t\t\t\t\t\t<span class=\"elementor-accordion-icon elementor-accordion-icon-left\" aria-hidden=\"true\">\n\t\t\t\t\t\t\t\t\t\t\t\t\t\t\t<span class=\"elementor-accordion-icon-closed\"><i class=\"fas fa-plus\"><\/i><\/span>\n\t\t\t\t\t\t\t\t<span class=\"elementor-accordion-icon-opened\"><i class=\"fas fa-minus\"><\/i><\/span>\n\t\t\t\t\t\t\t\t\t\t\t\t\t\t<\/span>\n\t\t\t\t\t\t\t\t\t\t\t\t<a class=\"elementor-accordion-title\" tabindex=\"0\">Puis-je recevoir le vaccin si mon syst\u00e8me immunitaire est faible, si je suis enceinte ou si j'allaite ? Et si j'ai une condition m\u00e9dicale ou une allergie ?<\/a>\n\t\t\t\t\t<\/div>\n\t\t\t\t\t<div id=\"elementor-tab-content-1837\" class=\"elementor-tab-content elementor-clearfix\" data-tab=\"7\" role=\"region\" aria-labelledby=\"elementor-tab-title-1837\"><p>Les personnes ayant un syst\u00e8me immunitaire affaibli, les femmes enceintes ou qui allaitent <u>ne sont actuellement pas exclues \u00e0 recevoir le vaccin<\/u>. Cependant, cette d\u00e9cision doit \u00eatre discut\u00e9e avec votre m\u00e9decin traitant pour savoir si le vaccin vous convient.<\/p><p>Le conseil m\u00e9dical actuel est que pour la grande majorit\u00e9 des gens, le vaccin est s\u00e9curitaire et recommand\u00e9. V\u00e9rifiez aupr\u00e8s de votre m\u00e9decin en cas de doute.<\/p><\/div>\n\t\t\t\t<\/div>\n\t\t\t\t\t\t\t<div class=\"elementor-accordion-item\">\n\t\t\t\t\t<div id=\"elementor-tab-title-1838\" class=\"elementor-tab-title\" data-tab=\"8\" role=\"button\" aria-controls=\"elementor-tab-content-1838\" aria-expanded=\"false\">\n\t\t\t\t\t\t\t\t\t\t\t\t\t<span class=\"elementor-accordion-icon elementor-accordion-icon-left\" aria-hidden=\"true\">\n\t\t\t\t\t\t\t\t\t\t\t\t\t\t\t<span class=\"elementor-accordion-icon-closed\"><i class=\"fas fa-plus\"><\/i><\/span>\n\t\t\t\t\t\t\t\t<span class=\"elementor-accordion-icon-opened\"><i class=\"fas fa-minus\"><\/i><\/span>\n\t\t\t\t\t\t\t\t\t\t\t\t\t\t<\/span>\n\t\t\t\t\t\t\t\t\t\t\t\t<a class=\"elementor-accordion-title\" tabindex=\"0\">Dois-je payer pour mon vaccin ?<\/a>\n\t\t\t\t\t<\/div>\n\t\t\t\t\t<div id=\"elementor-tab-content-1838\" class=\"elementor-tab-content elementor-clearfix\" data-tab=\"8\" role=\"region\" aria-labelledby=\"elementor-tab-title-1838\"><p>Non. Le gouvernement du Canada paie pour la vaccination contre la COVID-19.<\/p><p>Le formulaire de consentement actuel comporte un endroit pour mettre votre num\u00e9ro de carte Sant\u00e9. Donc, si vous n&rsquo;avez pas de carte Sant\u00e9 de l&rsquo;Ontario valide et \/ ou n&rsquo;avez pas de statut permanent au Canada, il est recommand\u00e9 de le signaler \u00e0 l&rsquo;avance (si possible) \u00e0 la clinique de vaccination pour conna\u00eetre tous les processus individuels qui peuvent s&rsquo;appliquer. Mais vous \u00eates toujours \u00e9ligible !<\/p><\/div>\n\t\t\t\t<\/div>\n\t\t\t\t\t\t\t<div class=\"elementor-accordion-item\">\n\t\t\t\t\t<div id=\"elementor-tab-title-1839\" class=\"elementor-tab-title\" data-tab=\"9\" role=\"button\" aria-controls=\"elementor-tab-content-1839\" aria-expanded=\"false\">\n\t\t\t\t\t\t\t\t\t\t\t\t\t<span class=\"elementor-accordion-icon elementor-accordion-icon-left\" aria-hidden=\"true\">\n\t\t\t\t\t\t\t\t\t\t\t\t\t\t\t<span class=\"elementor-accordion-icon-closed\"><i class=\"fas fa-plus\"><\/i><\/span>\n\t\t\t\t\t\t\t\t<span class=\"elementor-accordion-icon-opened\"><i class=\"fas fa-minus\"><\/i><\/span>\n\t\t\t\t\t\t\t\t\t\t\t\t\t\t<\/span>\n\t\t\t\t\t\t\t\t\t\t\t\t<a class=\"elementor-accordion-title\" tabindex=\"0\">Est-ce que je pourrai prendre du temps pendant la journ\u00e9e de travail pour me faire vacciner ? Si mon heure de vaccination n'est pas pendant les heures de travail, recevrai-je une r\u00e9mun\u00e9ration pour le temps n\u00e9cessaire pour recevoir le vaccin ?<\/a>\n\t\t\t\t\t<\/div>\n\t\t\t\t\t<div id=\"elementor-tab-content-1839\" class=\"elementor-tab-content elementor-clearfix\" data-tab=\"9\" role=\"region\" aria-labelledby=\"elementor-tab-title-1839\"><p>Les organisations auront chacune leur propre politique \u00e0 cet effet. Veuillez donc v\u00e9rifier aupr\u00e8s du service des Ressources humaines de votre organisation pour obtenir des informations sp\u00e9cifiques \u00e0 votre situation.<\/p><\/div>\n\t\t\t\t<\/div>\n\t\t\t\t\t\t\t<div class=\"elementor-accordion-item\">\n\t\t\t\t\t<div id=\"elementor-tab-title-18310\" class=\"elementor-tab-title\" data-tab=\"10\" role=\"button\" aria-controls=\"elementor-tab-content-18310\" aria-expanded=\"false\">\n\t\t\t\t\t\t\t\t\t\t\t\t\t<span class=\"elementor-accordion-icon elementor-accordion-icon-left\" aria-hidden=\"true\">\n\t\t\t\t\t\t\t\t\t\t\t\t\t\t\t<span class=\"elementor-accordion-icon-closed\"><i class=\"fas fa-plus\"><\/i><\/span>\n\t\t\t\t\t\t\t\t<span class=\"elementor-accordion-icon-opened\"><i class=\"fas fa-minus\"><\/i><\/span>\n\t\t\t\t\t\t\t\t\t\t\t\t\t\t<\/span>\n\t\t\t\t\t\t\t\t\t\t\t\t<a class=\"elementor-accordion-title\" tabindex=\"0\">Si j'ai une r\u00e9action ind\u00e9sirable au vaccin et que je suis incapable de travailler, pourrai-je utiliser mes cong\u00e9s de maladie ?<\/a>\n\t\t\t\t\t<\/div>\n\t\t\t\t\t<div id=\"elementor-tab-content-18310\" class=\"elementor-tab-content elementor-clearfix\" data-tab=\"10\" role=\"region\" aria-labelledby=\"elementor-tab-title-18310\"><p>Heureusement, nous savons de la sant\u00e9 publique que les effets ind\u00e9sirables du vaccin contre la COVID-19 sont g\u00e9n\u00e9ralement b\u00e9nins. S&rsquo;il s&rsquo;agit d&rsquo;un probl\u00e8me pour vous apr\u00e8s la vaccination, contactez le service des Ressources humaines de votre organisation pour conna\u00eetre vos droits sp\u00e9cifiques \u00e0 votre situation.<\/p><\/div>\n\t\t\t\t<\/div>\n\t\t\t\t\t\t\t<div class=\"elementor-accordion-item\">\n\t\t\t\t\t<div id=\"elementor-tab-title-18311\" class=\"elementor-tab-title\" data-tab=\"11\" role=\"button\" aria-controls=\"elementor-tab-content-18311\" aria-expanded=\"false\">\n\t\t\t\t\t\t\t\t\t\t\t\t\t<span class=\"elementor-accordion-icon elementor-accordion-icon-left\" aria-hidden=\"true\">\n\t\t\t\t\t\t\t\t\t\t\t\t\t\t\t<span class=\"elementor-accordion-icon-closed\"><i class=\"fas fa-plus\"><\/i><\/span>\n\t\t\t\t\t\t\t\t<span class=\"elementor-accordion-icon-opened\"><i class=\"fas fa-minus\"><\/i><\/span>\n\t\t\t\t\t\t\t\t\t\t\t\t\t\t<\/span>\n\t\t\t\t\t\t\t\t\t\t\t\t<a class=\"elementor-accordion-title\" tabindex=\"0\">Si je choisis de ne pas me faire vacciner, y aura-t-il un impact pour moi en lien avec mon travail ? Et si on m'a m\u00e9dicalement conseill\u00e9 de ne pas recevoir le vaccin ?<\/a>\n\t\t\t\t\t<\/div>\n\t\t\t\t\t<div id=\"elementor-tab-content-18311\" class=\"elementor-tab-content elementor-clearfix\" data-tab=\"11\" role=\"region\" aria-labelledby=\"elementor-tab-title-18311\"><p>Les r\u00e9ponses \u00e0 ces questions d\u00e9pendront des circonstances et de votre r\u00f4le. Celles-ci doivent \u00eatre adress\u00e9es au service des Ressources humaines de votre organisation.<\/p><p>Si vous savez maintenant que vous ne pouvez pas prendre le vaccin pour des raisons m\u00e9dicales, religieuses ou autres, nous vous sugg\u00e9rons d&rsquo;en discuter avec votre employeur ou l&rsquo;organisation avec laquelle vous travaillez d\u00e8s que possible.<\/p><\/div>\n\t\t\t\t<\/div>\n\t\t\t\t\t\t\t<div class=\"elementor-accordion-item\">\n\t\t\t\t\t<div id=\"elementor-tab-title-18312\" class=\"elementor-tab-title\" data-tab=\"12\" role=\"button\" aria-controls=\"elementor-tab-content-18312\" aria-expanded=\"false\">\n\t\t\t\t\t\t\t\t\t\t\t\t\t<span class=\"elementor-accordion-icon elementor-accordion-icon-left\" aria-hidden=\"true\">\n\t\t\t\t\t\t\t\t\t\t\t\t\t\t\t<span class=\"elementor-accordion-icon-closed\"><i class=\"fas fa-plus\"><\/i><\/span>\n\t\t\t\t\t\t\t\t<span class=\"elementor-accordion-icon-opened\"><i class=\"fas fa-minus\"><\/i><\/span>\n\t\t\t\t\t\t\t\t\t\t\t\t\t\t<\/span>\n\t\t\t\t\t\t\t\t\t\t\t\t<a class=\"elementor-accordion-title\" tabindex=\"0\">Mais pourquoi devrais-je me faire vacciner ?<\/a>\n\t\t\t\t\t<\/div>\n\t\t\t\t\t<div id=\"elementor-tab-content-18312\" class=\"elementor-tab-content elementor-clearfix\" data-tab=\"12\" role=\"region\" aria-labelledby=\"elementor-tab-title-18312\"><p>Des vaccins s\u00e9curitaires et fiables peuvent vous prot\u00e9ger, vous, votre famille et votre communaut\u00e9 contre la COVID-19 qui, \u00e0 ce jour, a tu\u00e9 plus de <u>2,6 millions<\/u> de personnes dans le monde. Les vaccins sont un outil important pour aider \u00e0 arr\u00eater la propagation du virus, renforcer l&rsquo;immunit\u00e9 en Ontario et nous permettre de reprendre une vie normale en toute s\u00e9curit\u00e9.<\/p><p>Lorsqu&rsquo;un grand pourcentage de la population sera immunis\u00e9 contre la COVID-19, la propagation du virus ralentira ou s&rsquo;arr\u00eatera.<\/p><\/div>\n\t\t\t\t<\/div>\n\t\t\t\t\t\t\t<div class=\"elementor-accordion-item\">\n\t\t\t\t\t<div id=\"elementor-tab-title-18313\" class=\"elementor-tab-title\" data-tab=\"13\" role=\"button\" aria-controls=\"elementor-tab-content-18313\" aria-expanded=\"false\">\n\t\t\t\t\t\t\t\t\t\t\t\t\t<span class=\"elementor-accordion-icon elementor-accordion-icon-left\" aria-hidden=\"true\">\n\t\t\t\t\t\t\t\t\t\t\t\t\t\t\t<span class=\"elementor-accordion-icon-closed\"><i class=\"fas fa-plus\"><\/i><\/span>\n\t\t\t\t\t\t\t\t<span class=\"elementor-accordion-icon-opened\"><i class=\"fas fa-minus\"><\/i><\/span>\n\t\t\t\t\t\t\t\t\t\t\t\t\t\t<\/span>\n\t\t\t\t\t\t\t\t\t\t\t\t<a class=\"elementor-accordion-title\" tabindex=\"0\">Je ne sais pas quoi faire. J'ai entendu dire que le vaccin n\u2019a pas \u00e9t\u00e9 suffisamment test\u00e9 \/ qu\u2019il modifiera mon ADN \/ qu\u2019il contient une puce \u00e9lectronique \/ qu\u2019il me rendra st\u00e9rile\u2026. et toutes sortes d'autres choses effrayantes ! Comment en savoir plus sur les vaccins et sur la s\u00e9curit\u00e9 des vaccins ?<\/a>\n\t\t\t\t\t<\/div>\n\t\t\t\t\t<div id=\"elementor-tab-content-18313\" class=\"elementor-tab-content elementor-clearfix\" data-tab=\"13\" role=\"region\" aria-labelledby=\"elementor-tab-title-18313\"><p>Nous savons qu&rsquo;il existe des informations erron\u00e9es qui peuvent \u00eatre alarmantes. Nous encourageons tout le monde \u00e0 prendre le temps de se renseigner sur le vaccin contre la COVID-19.<\/p><p>Le Dr S. Ranade, m\u00e9decin hygi\u00e9niste du comt\u00e9 de Lambton et de la sant\u00e9 publique de Lambton, a fait une pr\u00e9sentation intitul\u00e9e \u00ab Vaccine 101 \u00bb \u00e0 plus de 1 300 personnes du secteur de la protection de l\u2019enfance, le 8 mars dernier et a r\u00e9pondu \u00e0 beaucoup de ces questions. Si vous l&rsquo;avez manqu\u00e9, vous pouvez le regarder <a href=\"https:\/\/linkprotect.cudasvc.com\/url?a=http%3a%2f%2fgo.oacas.org%2fe%2f529102%2f9SQaLF-startTime-1615225553000%2f775d6w%2f972602646%3fh%3dZj8rgg7h_MsHXl5xq_IFxmPC-8HCK6oJ1kqPJ_WAv6I&amp;c=E,1,_7Lb7R16MQXQtE0-YPpqaSpw44NOsSjvSO4XUwNvw3iuV40QvGPUzYGQ2z9bBdo24k4jxgWurerns9-cHIPPvZXtpz56C1th2xImZ2095SG6uwjkXA,,&amp;typo=1\">ici<\/a>.<\/p><\/div>\n\t\t\t\t<\/div>\n\t\t\t\t\t\t\t\t<\/div>\n\t\t\t\t\t\t<\/div>\n\t\t\t\t<\/div>\n\t\t\t\t\t<\/div>\n\t\t<\/div>\n\t\t\t\t\t<\/div>\n\t\t<\/section>\n\t\t\t\t<section class=\"elementor-section elementor-top-section elementor-element elementor-element-f8dc06e elementor-section-stretched elementor-section-boxed elementor-section-height-default elementor-section-height-default\" data-id=\"f8dc06e\" data-element_type=\"section\" data-e-type=\"section\" data-settings=\"{&quot;background_background&quot;:&quot;classic&quot;,&quot;stretch_section&quot;:&quot;section-stretched&quot;}\">\n\t\t\t\t\t\t<div class=\"elementor-container elementor-column-gap-default\">\n\t\t\t\t\t<div class=\"elementor-column elementor-col-100 elementor-top-column elementor-element elementor-element-7cebe69\" data-id=\"7cebe69\" data-element_type=\"column\" data-e-type=\"column\">\n\t\t\t<div class=\"elementor-widget-wrap elementor-element-populated\">\n\t\t\t\t\t\t<div class=\"elementor-element elementor-element-19920d1 elementor-widget elementor-widget-heading\" data-id=\"19920d1\" data-element_type=\"widget\" data-e-type=\"widget\" data-widget_type=\"heading.default\">\n\t\t\t\t<div class=\"elementor-widget-container\">\n\t\t\t\t\t<h2 class=\"elementor-heading-title elementor-size-default\">Ressources<\/h2>\t\t\t\t<\/div>\n\t\t\t\t<\/div>\n\t\t\t\t<div class=\"elementor-element elementor-element-e28969b elementor-widget elementor-widget-accordion\" data-id=\"e28969b\" data-element_type=\"widget\" data-e-type=\"widget\" data-widget_type=\"accordion.default\">\n\t\t\t\t<div class=\"elementor-widget-container\">\n\t\t\t\t\t\t\t<div class=\"elementor-accordion\">\n\t\t\t\t\t\t\t<div class=\"elementor-accordion-item\">\n\t\t\t\t\t<div id=\"elementor-tab-title-2371\" class=\"elementor-tab-title\" data-tab=\"1\" role=\"button\" aria-controls=\"elementor-tab-content-2371\" aria-expanded=\"false\">\n\t\t\t\t\t\t\t\t\t\t\t\t\t<span class=\"elementor-accordion-icon elementor-accordion-icon-left\" aria-hidden=\"true\">\n\t\t\t\t\t\t\t\t\t\t\t\t\t\t\t<span class=\"elementor-accordion-icon-closed\"><i class=\"fas fa-plus\"><\/i><\/span>\n\t\t\t\t\t\t\t\t<span class=\"elementor-accordion-icon-opened\"><i class=\"fas fa-minus\"><\/i><\/span>\n\t\t\t\t\t\t\t\t\t\t\t\t\t\t<\/span>\n\t\t\t\t\t\t\t\t\t\t\t\t<a class=\"elementor-accordion-title\" tabindex=\"0\">Informations du gouvernement<\/a>\n\t\t\t\t\t<\/div>\n\t\t\t\t\t<div id=\"elementor-tab-content-2371\" class=\"elementor-tab-content elementor-clearfix\" data-tab=\"1\" role=\"region\" aria-labelledby=\"elementor-tab-title-2371\"><ul><li><a href=\"https:\/\/covid-19.ontario.ca\/fr\/le-plan-de-vaccination-de-lontario-contre-la-covid-19\">Le plan de vaccination de l\u2019Ontario contre la COVID-19<\/a> (Updated Regularly)<\/li><li><a href=\"https:\/\/covid-19.ontario.ca\/fr\/le-plan-de-vaccination-de-lontario-contre-la-covid-19\">Phase 2<\/a> (March 2021)<\/li><\/ul><\/div>\n\t\t\t\t<\/div>\n\t\t\t\t\t\t\t<div class=\"elementor-accordion-item\">\n\t\t\t\t\t<div id=\"elementor-tab-title-2372\" class=\"elementor-tab-title\" data-tab=\"2\" role=\"button\" aria-controls=\"elementor-tab-content-2372\" aria-expanded=\"false\">\n\t\t\t\t\t\t\t\t\t\t\t\t\t<span class=\"elementor-accordion-icon elementor-accordion-icon-left\" aria-hidden=\"true\">\n\t\t\t\t\t\t\t\t\t\t\t\t\t\t\t<span class=\"elementor-accordion-icon-closed\"><i class=\"fas fa-plus\"><\/i><\/span>\n\t\t\t\t\t\t\t\t<span class=\"elementor-accordion-icon-opened\"><i class=\"fas fa-minus\"><\/i><\/span>\n\t\t\t\t\t\t\t\t\t\t\t\t\t\t<\/span>\n\t\t\t\t\t\t\t\t\t\t\t\t<a class=\"elementor-accordion-title\" tabindex=\"0\">Tout savoir sur la vaccination <\/a>\n\t\t\t\t\t<\/div>\n\t\t\t\t\t<div id=\"elementor-tab-content-2372\" class=\"elementor-tab-content elementor-clearfix\" data-tab=\"2\" role=\"region\" aria-labelledby=\"elementor-tab-title-2372\"><ul><li><a href=\"https:\/\/youtu.be\/fM7B0iBzwHg\"><em>What Every Canadian Should Know about the COVID-19 Vaccine<\/em><\/a> (March 2021)<\/li><li><a href=\"https:\/\/www.ehlaw.ca\/fr\/webinars\/\">Vaccin COVID-19 sur le lieu de travail<\/a> (February 2021)<\/li><li><a href=\"https:\/\/www.womenscollegehospital.ca\/research,-education-and-innovation\/maadookiing-mshkiki%E2%80%94sharing-medicine\">Maad\u2019ookiing Mshkiki | Sharing Medicine; First Nations, Inuit M\u00e9tis Perspectives &amp; Knowledge Sharing on COVID-19 Vaccines<\/a> (February 2021)<\/li><li><a href=\"https:\/\/hackmd.io\/@scibehC19vax\/lang-fr\">Manuel de communication sur les Vaccins contre la COVID-19<\/a> (February 2021)<\/li><li><a href=\"https:\/\/www.womenscollegehospital.ca\/patients-and-caregivers\/covid-19-vaccine-multi-language-information-sheets?utm_source=link.cep.health&amp;utm_medium=urlshortener&amp;utm_campaign=covid-vaccine\">Vaccin COVID-19: Feuilles D\u2019Information Multilingues<\/a> (March 2021)<\/li><li><a href=\"https:\/\/healthydebate.ca\/2021\/03\/topic\/comparing-vaccines\/\">Vaccine Comparison, Health Debate<\/a> (March 2021)<\/li><\/ul><\/div>\n\t\t\t\t<\/div>\n\t\t\t\t\t\t\t<div class=\"elementor-accordion-item\">\n\t\t\t\t\t<div id=\"elementor-tab-title-2373\" class=\"elementor-tab-title\" data-tab=\"3\" role=\"button\" aria-controls=\"elementor-tab-content-2373\" aria-expanded=\"false\">\n\t\t\t\t\t\t\t\t\t\t\t\t\t<span class=\"elementor-accordion-icon elementor-accordion-icon-left\" aria-hidden=\"true\">\n\t\t\t\t\t\t\t\t\t\t\t\t\t\t\t<span class=\"elementor-accordion-icon-closed\"><i class=\"fas fa-plus\"><\/i><\/span>\n\t\t\t\t\t\t\t\t<span class=\"elementor-accordion-icon-opened\"><i class=\"fas fa-minus\"><\/i><\/span>\n\t\t\t\t\t\t\t\t\t\t\t\t\t\t<\/span>\n\t\t\t\t\t\t\t\t\t\t\t\t<a class=\"elementor-accordion-title\" tabindex=\"0\">Webinaires \/ Podcasts<\/a>\n\t\t\t\t\t<\/div>\n\t\t\t\t\t<div id=\"elementor-tab-content-2373\" class=\"elementor-tab-content elementor-clearfix\" data-tab=\"3\" role=\"region\" aria-labelledby=\"elementor-tab-title-2373\"><ul>\n \t<li><a href=\"https:\/\/oacasmeetings.zoom.us\/rec\/play\/y8w6r5g_ouuUAeGqt5kGx6Rsysbze_TpTV_Ei1yDvh5jtvlrygAGW8d425iwhe4Hq8n_FTbrAEjg3M-e.JoZiQ4Pw4MiXNmQL?autoplay=true&amp;startTime=1621522049000\">The COVID-19 Vaccine Plan for Children and Youth with Dr. Anne Wormsbecker<\/a> (May 20, 2021)<\/li>\n \t<li><a href=\"https:\/\/oacasmeetings.zoom.us\/rec\/share\/03g4P6O9KKx9zz6clxIiqJ9mLwOfMh9897xPRpwb_AmyN8J0SbI7wbP_NSo4omr4.AQYCSYx7afDyHjVt\">COVID-19 Vaccine Discussion with Dr. Colin Lee<\/a> (May 7, 2021)<\/li>\n \t<li><a href=\"https:\/\/oacasmeetings.zoom.us\/rec\/play\/Am0MzXF5rbafD2Bvj6lh0Gjn_B7KPwzCFDSv5h2KR42qRS8uewLyMZbQDSXvxbINmiaMBJuFskVCwybS.tbD-d_2jnJwS7mdt?startTime=1615225553000\">Dr. S. Ranade, Medical Officer of Health for the County of Lambton and Lambton Public Health<\/a> (March 8, 2021)<\/li>\n \t<li>Nightly (8-10PM EST) Zoom info sessions\/Q+A\u2019s  Complete the registration form <a href=\"https:\/\/docs.google.com\/forms\/d\/e\/1FAIpQLSdrp0-GkyZS1Oe4cu4T7F6t1xdumCr9HmWo5dUwAYaRaw0AWw\/viewform\">here<\/a> to join.<\/li>\n \t<li><a href=\"https:\/\/open.spotify.com\/episode\/2h8uqEhEDEAoGuBY5ATCMP\">How Black health leaders took on COVID\u2019s impact on Black communicates and vaccine hesitancy<\/a> (March 11, 2021)<\/li>\n \t<li>The York Region Alliance of African Canadian Communities is hosting Dr. D. Burt for a session entitled The COVID-19 Vaccine and the Black Community: the History, the Hesitancy, the Vaccination on April 17 from 11-12:30 PM. <a href=\"https:\/\/www.eventbrite.ca\/e\/covid-19-vaccine-the-history-the-hesitancy-the-vaccination-tickets-149622176959\" target=\"_blank\" rel=\"noopener\">Register here<\/a>.<\/li>\n<\/ul><\/div>\n\t\t\t\t<\/div>\n\t\t\t\t\t\t\t<div class=\"elementor-accordion-item\">\n\t\t\t\t\t<div id=\"elementor-tab-title-2374\" class=\"elementor-tab-title\" data-tab=\"4\" role=\"button\" aria-controls=\"elementor-tab-content-2374\" aria-expanded=\"false\">\n\t\t\t\t\t\t\t\t\t\t\t\t\t<span class=\"elementor-accordion-icon elementor-accordion-icon-left\" aria-hidden=\"true\">\n\t\t\t\t\t\t\t\t\t\t\t\t\t\t\t<span class=\"elementor-accordion-icon-closed\"><i class=\"fas fa-plus\"><\/i><\/span>\n\t\t\t\t\t\t\t\t<span class=\"elementor-accordion-icon-opened\"><i class=\"fas fa-minus\"><\/i><\/span>\n\t\t\t\t\t\t\t\t\t\t\t\t\t\t<\/span>\n\t\t\t\t\t\t\t\t\t\t\t\t<a class=\"elementor-accordion-title\" tabindex=\"0\">Ressources post-vaccinales <\/a>\n\t\t\t\t\t<\/div>\n\t\t\t\t\t<div id=\"elementor-tab-content-2374\" class=\"elementor-tab-content elementor-clearfix\" data-tab=\"4\" role=\"region\" aria-labelledby=\"elementor-tab-title-2374\"><ul><li>What to Expect Post Vaccine <a href=\"https:\/\/www.camh.ca\/en\/camh-news-and-stories\/maadookiing-mshkiki-sharing-medicine\">Maad\u2019ookiing Mshkkiki | Sharing Medicine Project<\/a> (March 2021)<\/li><\/ul><\/div>\n\t\t\t\t<\/div>\n\t\t\t\t\t\t\t<div class=\"elementor-accordion-item\">\n\t\t\t\t\t<div id=\"elementor-tab-title-2375\" class=\"elementor-tab-title\" data-tab=\"5\" role=\"button\" aria-controls=\"elementor-tab-content-2375\" aria-expanded=\"false\">\n\t\t\t\t\t\t\t\t\t\t\t\t\t<span class=\"elementor-accordion-icon elementor-accordion-icon-left\" aria-hidden=\"true\">\n\t\t\t\t\t\t\t\t\t\t\t\t\t\t\t<span class=\"elementor-accordion-icon-closed\"><i class=\"fas fa-plus\"><\/i><\/span>\n\t\t\t\t\t\t\t\t<span class=\"elementor-accordion-icon-opened\"><i class=\"fas fa-minus\"><\/i><\/span>\n\t\t\t\t\t\t\t\t\t\t\t\t\t\t<\/span>\n\t\t\t\t\t\t\t\t\t\t\t\t<a class=\"elementor-accordion-title\" tabindex=\"0\">Pour les jeunes <\/a>\n\t\t\t\t\t<\/div>\n\t\t\t\t\t<div id=\"elementor-tab-content-2375\" class=\"elementor-tab-content elementor-clearfix\" data-tab=\"5\" role=\"region\" aria-labelledby=\"elementor-tab-title-2375\"><ul><li>For Indigenous Youth, <em>Maad\u2019ookiing Mshkiki \u2013 Sharing Place<\/em>, has a number of <a href=\"https:\/\/www.womenscollegehospital.ca\/research,-education-and-innovation\/maadookiing-mshkiki%E2%80%94sharing-medicine\">resources<\/a><\/li><li>For Black youth, OACAS\u2019s One Vision One Voice team produced <a href=\"https:\/\/www.youtube.com\/watch?v=JcTNuDh_zwY&amp;lc=Ugyk8_lfIVGMZg0iU-t4AaABAg\"><em>Conversations with health leaders about the COVID-19 vaccine<\/em><\/a>.<\/li><li>United Health Network <em>Sanctuary<\/em> Comics: <a href=\"https:\/\/oacas.sharepoint.com\/Weekly%20Briefing%20Library\/Forms\/AllItems.aspx?id=%2FWeekly%20Briefing%20Library%2F2021%2F03%20%2D%20March%2FWeek%205%2FGraphic%20%2D%20How%20the%20COVID%2D19%20Vaccines%20Work%2Etif&amp;parent=%2FWeekly%20Briefing%20Library%2F2021%2F03%20%2D%20March%2FWeek%205\"><em>How the COVID-19 Vaccines Work<\/em><\/a>, <a href=\"https:\/\/oacas.sharepoint.com\/Weekly%20Briefing%20Library\/Forms\/AllItems.aspx?id=%2FWeekly%20Briefing%20Library%2F2021%2F03%20%2D%20March%2FWeek%205%2FPoster%20%2D%20Guide%20to%20Getting%20Vaxxed%2Epdf&amp;parent=%2FWeekly%20Briefing%20Library%2F2021%2F03%20%2D%20March%2FWeek%205\"><em>Guide to Getting Vaxxed<\/em><\/a>, and <a href=\"https:\/\/oacas.sharepoint.com\/Weekly%20Briefing%20Library\/Forms\/AllItems.aspx?id=%2FWeekly%20Briefing%20Library%2F2021%2F03%20%2D%20March%2FWeek%205%2FGraphic%20%2D%20Covid19%20Vaccine%20Speed%20Comic%20%2D%20UHN%20%2D%20March%2023%202021%2Epdf&amp;parent=%2FWeekly%20Briefing%20Library%2F2021%2F03%20%2D%20March%2FWeek%205\"><em>How Did They Make the Vaccine So Fast<\/em><\/a>?<\/li><li><a href=\"https:\/\/www.childrenshospital.org\/conditions-and-treatments\/conditions\/c\/coronavirus\/vaccine\"><em>Educating Kids about the COVID-19 Vaccine<\/em><\/a>, Boston Children\u2019s Hospital<\/li><li><a href=\"https:\/\/www.hollandbloorview.ca\/sites\/default\/files\/2021-02\/Busting-Myths-COVID-19-Vaccine.pdf\"><em>Busting Myths about the COVID-19 Vaccine<\/em><\/a>, Holland Bloorview Hospital<\/li><li><a href=\"https:\/\/www.cbc.ca\/kidsnews\/post\/watch-your-covid-19-vaccine-questions-answered\"><em>COVID-19 vaccine: Does it work? Is it safe? When can kids get it?<\/em><\/a><em>, <\/em>CBC Kids News<\/li><\/ul><p><strong>Webinars for Youth<\/strong><\/p><ul><li>Dr. Andrew Morris, an infectious disease physician and co-author of the Sick Kids reports: <a href=\"https:\/\/www.sickkids.ca\/en\/news\/archive\/2020\/sickkids-led-group-of-experts-proposes-latest-guidance-for-school-reopening\/\"><em>COVID-19 Guidance for School Reopening<\/em><\/a>, hosted a webinar with Q+A for youth on February 17 and answered lots of questions about COVID-19 and the vaccines. You can watch it <a href=\"https:\/\/oacasmeetings.zoom.us\/rec\/play\/y80tNkSRplxBfQbzK6PKQZX_bmTUqAwEVX9fZF-3Ul7GttWjoNQrU_3QQQTtYZSyD1V_wRtDXTiUJOyz._P-fKn1CYlF6gn5u?continueMode=true\">here<\/a>.<\/li><li>Dr. Sunit Ranade, the Medical Officer of Health for Lambton County who did a fantastic webinar on COVID-19 vaccines for the child welfare sector on March 8, also has a series of 3 videos called: <em>COVID-19 Vaccine Questions with Kids<\/em>. Watch it <a href=\"https:\/\/www.youtube.com\/watch?v=GiNumvyjj7A\">here<\/a><strong>.<\/strong><\/li><\/ul><p><strong>Instagram <\/strong><\/p><ul><li><a href=\"https:\/\/www.instagram.com\/covidvaccinefacts\/?hl=en\">@covid19vaccinefacts<\/a>, written by Canadian doctors in plain language with new content posted regularly.<\/li><li><a href=\"https:\/\/www.instagram.com\/punjabikidshealth\/?hl=en\">@punjabikidshealth<\/a>, written by an ON pediatrician about kid\u2019s health generally with a good COVID-19 section. Bilingual, youth friendly resources in English and Punjabi.<\/li><\/ul><p><strong>Tiktok <\/strong><\/p><ul><li><a href=\"https:\/\/www.tiktok.com\/@dr_faith_uwadiae?\">@dr_faith_uwadiae<\/a><\/li><li><a href=\"https:\/\/www.tiktok.com\/@anna.blakney?lang=en\">@anna.blakney<\/a><\/li><li><a href=\"https:\/\/www.tiktok.com\/@dr.noc?lang=en\">@dr.noc<\/a><\/li><li><a href=\"https:\/\/www.tiktok.com\/@teamhalo?lang=en\">#teamhalo<\/a><\/li><\/ul><\/div>\n\t\t\t\t<\/div>\n\t\t\t\t\t\t\t\t<\/div>\n\t\t\t\t\t\t<\/div>\n\t\t\t\t<\/div>\n\t\t\t\t\t<\/div>\n\t\t<\/div>\n\t\t\t\t\t<\/div>\n\t\t<\/section>\n\t\t\t\t<\/div>\n\t\t","protected":false},"excerpt":{"rendered":"","protected":false},"author":21,"featured_media":0,"parent":586,"menu_order":0,"comment_status":"closed","ping_status":"closed","template":"elementor_header_footer","meta":{"footnotes":"","_links_to":"","_links_to_target":""},"class_list":["post-8496","page","type-page","status-publish","hentry"],"_links":{"self":[{"href":"https:\/\/www.oacas.org\/fr\/wp-json\/wp\/v2\/pages\/8496","targetHints":{"allow":["GET"]}}],"collection":[{"href":"https:\/\/www.oacas.org\/fr\/wp-json\/wp\/v2\/pages"}],"about":[{"href":"https:\/\/www.oacas.org\/fr\/wp-json\/wp\/v2\/types\/page"}],"author":[{"embeddable":true,"href":"https:\/\/www.oacas.org\/fr\/wp-json\/wp\/v2\/users\/21"}],"replies":[{"embeddable":true,"href":"https:\/\/www.oacas.org\/fr\/wp-json\/wp\/v2\/comments?post=8496"}],"version-history":[{"count":0,"href":"https:\/\/www.oacas.org\/fr\/wp-json\/wp\/v2\/pages\/8496\/revisions"}],"up":[{"embeddable":true,"href":"https:\/\/www.oacas.org\/fr\/wp-json\/wp\/v2\/pages\/586"}],"wp:attachment":[{"href":"https:\/\/www.oacas.org\/fr\/wp-json\/wp\/v2\/media?parent=8496"}],"curies":[{"name":"wp","href":"https:\/\/api.w.org\/{rel}","templated":true}]}}